{"id":1897,"date":"2025-04-10T11:07:46","date_gmt":"2025-04-10T11:07:46","guid":{"rendered":"https:\/\/objektifsahne.de\/?page_id=1897"},"modified":"2025-04-10T11:07:47","modified_gmt":"2025-04-10T11:07:47","slug":"theaterfestival","status":"publish","type":"page","link":"https:\/\/objektifsahne.de\/tr\/theaterfestival\/","title":{"rendered":"Theaterfestival"},"content":{"rendered":"\t\t<div data-elementor-type=\"wp-page\" data-elementor-id=\"1897\" class=\"elementor elementor-1897\">\n\t\t\t\t\t\t<section class=\"elementor-section elementor-top-section elementor-element elementor-element-1ae7416b elementor-section-stretched elementor-section-height-min-height elementor-section-boxed elementor-section-height-default elementor-section-items-middle\" data-id=\"1ae7416b\" data-element_type=\"section\" data-e-type=\"section\" data-settings=\"{&quot;stretch_section&quot;:&quot;section-stretched&quot;,&quot;background_background&quot;:&quot;video&quot;,&quot;background_video_end&quot;:30}\">\n\t\t\t\t\t\t\t<div class=\"elementor-background-overlay\"><\/div>\n\t\t\t\t\t\t\t<div class=\"elementor-container elementor-column-gap-no\">\n\t\t\t\t\t<div class=\"elementor-column elementor-col-100 elementor-top-column elementor-element elementor-element-68d36c1c\" data-id=\"68d36c1c\" data-element_type=\"column\" data-e-type=\"column\">\n\t\t\t<div class=\"elementor-widget-wrap elementor-element-populated\">\n\t\t\t\t\t\t<div class=\"elementor-element elementor-element-e539b37 animated-slow elementor-invisible elementor-widget elementor-widget-image\" data-id=\"e539b37\" data-element_type=\"widget\" data-e-type=\"widget\" data-settings=\"{&quot;_animation&quot;:&quot;zoomInDown&quot;}\" data-widget_type=\"image.default\">\n\t\t\t\t<div class=\"elementor-widget-container\">\n\t\t\t\t\t\t\t\t\t\t\t\t\t\t\t<img decoding=\"async\" width=\"300\" height=\"149\" src=\"https:\/\/objektifsahne.de\/wp-content\/uploads\/2022\/05\/logo-300x149.png\" class=\"attachment-medium size-medium wp-image-65\" alt=\"\" srcset=\"https:\/\/objektifsahne.de\/wp-content\/uploads\/2022\/05\/logo-300x149.png 300w, https:\/\/objektifsahne.de\/wp-content\/uploads\/2022\/05\/logo-1024x508.png 1024w, https:\/\/objektifsahne.de\/wp-content\/uploads\/2022\/05\/logo-768x381.png 768w, https:\/\/objektifsahne.de\/wp-content\/uploads\/2022\/05\/logo-1536x762.png 1536w, https:\/\/objektifsahne.de\/wp-content\/uploads\/2022\/05\/logo-2048x1016.png 2048w\" sizes=\"(max-width: 300px) 100vw, 300px\" \/>\t\t\t\t\t\t\t\t\t\t\t\t\t\t\t<\/div>\n\t\t\t\t<\/div>\n\t\t\t\t<div class=\"elementor-element elementor-element-44f9158 elementor-widget elementor-widget-heading\" data-id=\"44f9158\" data-element_type=\"widget\" data-e-type=\"widget\" data-widget_type=\"heading.default\">\n\t\t\t\t<div class=\"elementor-widget-container\">\n\t\t\t\t\t<h2 class=\"elementor-heading-title elementor-size-default\">Rezervasyon: \n0911-92325760<\/h2>\t\t\t\t<\/div>\n\t\t\t\t<\/div>\n\t\t\t\t<div class=\"elementor-element elementor-element-64e1680b elementor-align-center elementor-widget elementor-widget-button\" data-id=\"64e1680b\" data-element_type=\"widget\" data-e-type=\"widget\" data-widget_type=\"button.default\">\n\t\t\t\t<div class=\"elementor-widget-container\">\n\t\t\t\t\t\t\t\t\t<div class=\"elementor-button-wrapper\">\n\t\t\t\t\t<a class=\"elementor-button elementor-button-link elementor-size-xl\" href=\"https:\/\/objektifsahne.de\/tr\/bilet-al\/\">\n\t\t\t\t\t\t<span class=\"elementor-button-content-wrapper\">\n\t\t\t\t\t\t<span class=\"elementor-button-icon\">\n\t\t\t\t<i aria-hidden=\"true\" class=\"fas fa-ticket-alt\"><\/i>\t\t\t<\/span>\n\t\t\t\t\t\t\t\t\t<span class=\"elementor-button-text\">Bilet al<\/span>\n\t\t\t\t\t<\/span>\n\t\t\t\t\t<\/a>\n\t\t\t\t<\/div>\n\t\t\t\t\t\t\t\t<\/div>\n\t\t\t\t<\/div>\n\t\t\t\t\t<\/div>\n\t\t<\/div>\n\t\t\t\t\t<\/div>\n\t\t<\/section>\n\t\t\t\t<section class=\"elementor-section elementor-top-section elementor-element elementor-element-eb26b6d elementor-section-boxed elementor-section-height-default elementor-section-height-default\" data-id=\"eb26b6d\" data-element_type=\"section\" data-e-type=\"section\" data-settings=\"{&quot;background_background&quot;:&quot;classic&quot;}\">\n\t\t\t\t\t\t\t<div class=\"elementor-background-overlay\"><\/div>\n\t\t\t\t\t\t\t<div class=\"elementor-container elementor-column-gap-default\">\n\t\t\t\t\t<div class=\"elementor-column elementor-col-100 elementor-top-column elementor-element elementor-element-68247074\" data-id=\"68247074\" data-element_type=\"column\" data-e-type=\"column\">\n\t\t\t<div class=\"elementor-widget-wrap elementor-element-populated\">\n\t\t\t\t\t\t<div class=\"elementor-element elementor-element-240fe10b elementor-invisible elementor-widget elementor-widget-heading\" data-id=\"240fe10b\" data-element_type=\"widget\" data-e-type=\"widget\" data-settings=\"{&quot;_animation&quot;:&quot;fadeInDown&quot;}\" data-widget_type=\"heading.default\">\n\t\t\t\t<div class=\"elementor-widget-container\">\n\t\t\t\t\t<h2 class=\"elementor-heading-title elementor-size-default\">yak\u0131nda<\/h2>\t\t\t\t<\/div>\n\t\t\t\t<\/div>\n\t\t\t\t<section class=\"elementor-section elementor-inner-section elementor-element elementor-element-42368adf elementor-section-content-middle elementor-section-boxed elementor-section-height-default elementor-section-height-default\" data-id=\"42368adf\" data-element_type=\"section\" data-e-type=\"section\">\n\t\t\t\t\t\t<div class=\"elementor-container elementor-column-gap-default\">\n\t\t\t\t\t<div class=\"elementor-column elementor-col-50 elementor-inner-column elementor-element elementor-element-3c9a28fb\" data-id=\"3c9a28fb\" data-element_type=\"column\" data-e-type=\"column\" data-settings=\"{&quot;background_background&quot;:&quot;classic&quot;}\">\n\t\t\t<div class=\"elementor-widget-wrap elementor-element-populated\">\n\t\t\t\t\t\t<div class=\"elementor-element elementor-element-3b0fe5e elementor-widget elementor-widget-image\" data-id=\"3b0fe5e\" data-element_type=\"widget\" data-e-type=\"widget\" data-widget_type=\"image.default\">\n\t\t\t\t<div class=\"elementor-widget-container\">\n\t\t\t\t\t\t\t\t\t\t\t\t\t\t\t<img fetchpriority=\"high\" decoding=\"async\" width=\"1024\" height=\"512\" src=\"https:\/\/objektifsahne.de\/wp-content\/uploads\/2023\/04\/Einladung_Invitation_Toys_of_0001-1024x512.jpg\" class=\"attachment-large size-large wp-image-1843\" alt=\"\" srcset=\"https:\/\/objektifsahne.de\/wp-content\/uploads\/2023\/04\/Einladung_Invitation_Toys_of_0001-1024x512.jpg 1024w, https:\/\/objektifsahne.de\/wp-content\/uploads\/2023\/04\/Einladung_Invitation_Toys_of_0001-300x150.jpg 300w, https:\/\/objektifsahne.de\/wp-content\/uploads\/2023\/04\/Einladung_Invitation_Toys_of_0001-768x384.jpg 768w, https:\/\/objektifsahne.de\/wp-content\/uploads\/2023\/04\/Einladung_Invitation_Toys_of_0001-18x9.jpg 18w, https:\/\/objektifsahne.de\/wp-content\/uploads\/2023\/04\/Einladung_Invitation_Toys_of_0001.jpg 1241w\" sizes=\"(max-width: 1024px) 100vw, 1024px\" \/>\t\t\t\t\t\t\t\t\t\t\t\t\t\t\t<\/div>\n\t\t\t\t<\/div>\n\t\t\t\t<div class=\"elementor-element elementor-element-921855f elementor-widget elementor-widget-image\" data-id=\"921855f\" data-element_type=\"widget\" data-e-type=\"widget\" data-widget_type=\"image.default\">\n\t\t\t\t<div class=\"elementor-widget-container\">\n\t\t\t\t\t\t\t\t\t\t\t\t\t\t\t<img decoding=\"async\" width=\"1024\" height=\"512\" src=\"https:\/\/objektifsahne.de\/wp-content\/uploads\/2023\/04\/Einladung_Invitation_Toys_of_0002-1024x512.jpg\" class=\"attachment-large size-large wp-image-1842\" alt=\"\" srcset=\"https:\/\/objektifsahne.de\/wp-content\/uploads\/2023\/04\/Einladung_Invitation_Toys_of_0002-1024x512.jpg 1024w, https:\/\/objektifsahne.de\/wp-content\/uploads\/2023\/04\/Einladung_Invitation_Toys_of_0002-300x150.jpg 300w, https:\/\/objektifsahne.de\/wp-content\/uploads\/2023\/04\/Einladung_Invitation_Toys_of_0002-768x384.jpg 768w, https:\/\/objektifsahne.de\/wp-content\/uploads\/2023\/04\/Einladung_Invitation_Toys_of_0002-18x9.jpg 18w, https:\/\/objektifsahne.de\/wp-content\/uploads\/2023\/04\/Einladung_Invitation_Toys_of_0002.jpg 1241w\" sizes=\"(max-width: 1024px) 100vw, 1024px\" \/>\t\t\t\t\t\t\t\t\t\t\t\t\t\t\t<\/div>\n\t\t\t\t<\/div>\n\t\t\t\t<div class=\"elementor-element elementor-element-43f2d08 elementor-widget elementor-widget-image\" data-id=\"43f2d08\" data-element_type=\"widget\" data-e-type=\"widget\" data-widget_type=\"image.default\">\n\t\t\t\t<div class=\"elementor-widget-container\">\n\t\t\t\t\t\t\t\t\t\t\t\t\t\t\t<img loading=\"lazy\" decoding=\"async\" width=\"266\" height=\"300\" src=\"https:\/\/objektifsahne.de\/wp-content\/uploads\/2023\/06\/WhatsApp-Image-2023-05-26-at-12.04.20-266x300.jpeg\" class=\"attachment-medium size-medium wp-image-1863\" alt=\"\" srcset=\"https:\/\/objektifsahne.de\/wp-content\/uploads\/2023\/06\/WhatsApp-Image-2023-05-26-at-12.04.20-266x300.jpeg 266w, https:\/\/objektifsahne.de\/wp-content\/uploads\/2023\/06\/WhatsApp-Image-2023-05-26-at-12.04.20-11x12.jpeg 11w, https:\/\/objektifsahne.de\/wp-content\/uploads\/2023\/06\/WhatsApp-Image-2023-05-26-at-12.04.20.jpeg 484w\" sizes=\"(max-width: 266px) 100vw, 266px\" \/>\t\t\t\t\t\t\t\t\t\t\t\t\t\t\t<\/div>\n\t\t\t\t<\/div>\n\t\t\t\t\t<\/div>\n\t\t<\/div>\n\t\t\t\t<div class=\"elementor-column elementor-col-50 elementor-inner-column elementor-element elementor-element-6cfa974a\" data-id=\"6cfa974a\" data-element_type=\"column\" data-e-type=\"column\">\n\t\t\t<div class=\"elementor-widget-wrap elementor-element-populated\">\n\t\t\t\t\t\t<div class=\"elementor-element elementor-element-4f6a36d3 elementor-widget elementor-widget-image-box\" data-id=\"4f6a36d3\" data-element_type=\"widget\" data-e-type=\"widget\" data-widget_type=\"image-box.default\">\n\t\t\t\t<div class=\"elementor-widget-container\">\n\t\t\t\t\t<div class=\"elementor-image-box-wrapper\"><div class=\"elementor-image-box-content\"><h3 class=\"elementor-image-box-title\">T\u00fcrkiye Oyuncaklar\u0131<\/h3><p class=\"elementor-image-box-description\">Sunay Ak\u0131n\u2018\u0131n Hazineleri\n\nSergi 28.04.2023\u201328.04.2024\nN\u00fcrnberg Oyuncak M\u00fczesi ilk kez e\u015fsiz T\u00fcrk oyuncak\nhazinelerini sergiliyor. Sergi, \u0130stanbul'un \u00fcnl\u00fc \u015fairi, yazar\u0131 ve\noyuncusu Sunay Ak\u0131n taraf\u0131ndan ara\u015ft\u0131r\u0131l\u0131p toplanm\u0131\u015ft\u0131r.\n1994 y\u0131l\u0131nda N\u00fcrnberg Oyuncak M\u00fczesi'ne yapt\u0131\u011f\u0131 ziyaret,\ngeleneksel T\u00fcrk oyuncaklar\u0131n\u0131 toplamas\u0131 i\u00e7in ona ilham\nverir ve 2005 y\u0131l\u0131nda Belgin Ak\u0131n ile birlikte \u0130stanbul Oyuncak\nM\u00fczesi'ni kurar. Bilimsel ve \u015fiirsel sergi ayn\u0131 zamanda\nT\u00fcrk-Alman dostlu\u011funa bir sevgi ilan\u0131d\u0131r.<\/p><\/div><\/div>\t\t\t\t<\/div>\n\t\t\t\t<\/div>\n\t\t\t\t<div class=\"elementor-element elementor-element-a96d021 elementor-widget elementor-widget-image-box\" data-id=\"a96d021\" data-element_type=\"widget\" data-e-type=\"widget\" data-widget_type=\"image-box.default\">\n\t\t\t\t<div class=\"elementor-widget-container\">\n\t\t\t\t\t<div class=\"elementor-image-box-wrapper\"><div class=\"elementor-image-box-content\"><h3 class=\"elementor-image-box-title\">Sergi a\u00e7\u0131l\u0131\u015f\u0131na davet<\/h3><p class=\"elementor-image-box-description\">\n27 Nisan 2023 Per\u015fembe 17.00<\/p><\/div><\/div>\t\t\t\t<\/div>\n\t\t\t\t<\/div>\n\t\t\t\t<div class=\"elementor-element elementor-element-54d8c46 elementor-widget elementor-widget-text-editor\" data-id=\"54d8c46\" data-element_type=\"widget\" data-e-type=\"widget\" data-widget_type=\"text-editor.default\">\n\t\t\t\t<div class=\"elementor-widget-container\">\n\t\t\t\t\t\t\t\t\t<p style=\"text-align: center;\"><strong>A\u00e7\u0131l\u0131\u015f Konu\u015fmalar\u0131<\/strong><br \/>Prof. Dr. Julia Lehner N\u00fcrnberg Belediye Ba\u015fkan\u0131<br \/><strong>T\u00fcrkiye oyuncaklar\u0131<\/strong><br \/>Dr. Rahmi Asal \u0130stanbul Arkeoloji M\u00fczeleri<br \/>Belgin Ak\u0131n \u0130stanbul Oyuncak M\u00fczesi<br \/>Sunay Ak\u0131n \u0130stanbul Oyuncak M\u00fczesi<br \/><strong>Terc\u00fcman<\/strong> Recai Halla\u00e7 Berlin<br \/><strong>Moderat\u00f6r<\/strong> Prof. Dr. Karin Falkenberg\u00a0<\/p><p style=\"text-align: center;\"><br \/>24 Nisan 2023\u2019e kadar spielzeugmuseum@stadt.nuernberg.de<br \/>adresine kat\u0131l\u0131m\u0131n\u0131z\u0131 ve misafir say\u0131n\u0131z\u0131 belirtmenizi rica ederiz.<\/p>\t\t\t\t\t\t\t\t<\/div>\n\t\t\t\t<\/div>\n\t\t\t\t<div class=\"elementor-element elementor-element-a15d4df elementor-widget__width-initial elementor-widget elementor-widget-heading\" data-id=\"a15d4df\" data-element_type=\"widget\" data-e-type=\"widget\" data-widget_type=\"heading.default\">\n\t\t\t\t<div class=\"elementor-widget-container\">\n\t\t\t\t\t<h2 class=\"elementor-heading-title elementor-size-medium\">DANI\u015eMA HATTI:<\/h2>\t\t\t\t<\/div>\n\t\t\t\t<\/div>\n\t\t\t\t<div class=\"elementor-element elementor-element-4ebb322 elementor-align-center elementor-widget__width-initial elementor-icon-list--layout-inline elementor-list-item-link-full_width elementor-widget elementor-widget-icon-list\" data-id=\"4ebb322\" data-element_type=\"widget\" data-e-type=\"widget\" data-widget_type=\"icon-list.default\">\n\t\t\t\t<div class=\"elementor-widget-container\">\n\t\t\t\t\t\t\t<ul class=\"elementor-icon-list-items elementor-inline-items\">\n\t\t\t\t\t\t\t<li class=\"elementor-icon-list-item elementor-inline-item\">\n\t\t\t\t\t\t\t\t\t\t\t<a href=\"tel:+4917637681123\">\n\n\t\t\t\t\t\t\t\t\t\t\t\t<span class=\"elementor-icon-list-icon\">\n\t\t\t\t\t\t\t<i aria-hidden=\"true\" class=\"fas fa-phone\"><\/i>\t\t\t\t\t\t<\/span>\n\t\t\t\t\t\t\t\t\t\t<span class=\"elementor-icon-list-text\">+49 (0)176 37681123<\/span>\n\t\t\t\t\t\t\t\t\t\t\t<\/a>\n\t\t\t\t\t\t\t\t\t<\/li>\n\t\t\t\t\t\t\t\t<li class=\"elementor-icon-list-item elementor-inline-item\">\n\t\t\t\t\t\t\t\t\t\t\t<a href=\"tel:%20+491713550035\">\n\n\t\t\t\t\t\t\t\t\t\t\t\t<span class=\"elementor-icon-list-icon\">\n\t\t\t\t\t\t\t<i aria-hidden=\"true\" class=\"fas fa-phone\"><\/i>\t\t\t\t\t\t<\/span>\n\t\t\t\t\t\t\t\t\t\t<span class=\"elementor-icon-list-text\"> +49 (0)171 3550035<\/span>\n\t\t\t\t\t\t\t\t\t\t\t<\/a>\n\t\t\t\t\t\t\t\t\t<\/li>\n\t\t\t\t\t\t<\/ul>\n\t\t\t\t\t\t<\/div>\n\t\t\t\t<\/div>\n\t\t\t\t\t<\/div>\n\t\t<\/div>\n\t\t\t\t\t<\/div>\n\t\t<\/section>\n\t\t\t\t<div class=\"elementor-element elementor-element-8b9ebac elementor-widget elementor-widget-text-editor\" data-id=\"8b9ebac\" data-element_type=\"widget\" data-e-type=\"widget\" data-widget_type=\"text-editor.default\">\n\t\t\t\t<div class=\"elementor-widget-container\">\n\t\t\t\t\t\t\t\t\t<div style=\"padding: 0;\"><iframe id=\"eventim-light-iframe-v2-627bbd5a4a6dfb00f403b47c\" src=\"https:\/\/www.eventim-light.com\/de\/a\/627bbd5a4a6dfb00f403b47c\/iframe\/\" width=\"100%\" data-scroll=\"true\" data-scroll-offset-y=\"0\" scrolling=\"no\" frameborder=\"0\" name=\"eventim-light-iframe-v2-627bbd5a4a6dfb00f403b47c\"><\/iframe><script type=\"text\/javascript\" src=\"https:\/\/www.eventim-light.com\/de\/a\/627bbd5a4a6dfb00f403b47c\/public\/iframe\/el-shop.js\"><\/script><\/div>\t\t\t\t\t\t\t\t<\/div>\n\t\t\t\t<\/div>\n\t\t\t\t\t<\/div>\n\t\t<\/div>\n\t\t\t\t\t<\/div>\n\t\t<\/section>\n\t\t\t\t<section class=\"elementor-section elementor-top-section elementor-element elementor-element-8acc044 elementor-section-full_width elementor-section-height-default elementor-section-height-default\" data-id=\"8acc044\" data-element_type=\"section\" data-e-type=\"section\">\n\t\t\t\t\t\t\t<div class=\"elementor-background-overlay\"><\/div>\n\t\t\t\t\t\t\t<div class=\"elementor-container elementor-column-gap-default\">\n\t\t\t\t\t<div class=\"elementor-column elementor-col-100 elementor-top-column elementor-element elementor-element-4088af2d\" data-id=\"4088af2d\" data-element_type=\"column\" data-e-type=\"column\">\n\t\t\t<div class=\"elementor-widget-wrap elementor-element-populated\">\n\t\t\t\t\t\t<div class=\"elementor-element elementor-element-2cc5134d elementor-invisible elementor-widget elementor-widget-heading\" data-id=\"2cc5134d\" data-element_type=\"widget\" data-e-type=\"widget\" data-settings=\"{&quot;_animation&quot;:&quot;fadeInDown&quot;}\" data-widget_type=\"heading.default\">\n\t\t\t\t<div class=\"elementor-widget-container\">\n\t\t\t\t\t<h2 class=\"elementor-heading-title elementor-size-default\">Yakla\u015fan Etkinlikler<\/h2>\t\t\t\t<\/div>\n\t\t\t\t<\/div>\n\t\t\t\t<div class=\"elementor-element elementor-element-3a5cee9e elementor-arrows-position-inside elementor-widget elementor-widget-image-carousel\" data-id=\"3a5cee9e\" data-element_type=\"widget\" data-e-type=\"widget\" data-settings=\"{&quot;slides_to_show&quot;:&quot;4&quot;,&quot;image_spacing_custom&quot;:{&quot;unit&quot;:&quot;px&quot;,&quot;size&quot;:5,&quot;sizes&quot;:[]},&quot;navigation&quot;:&quot;arrows&quot;,&quot;autoplay_speed&quot;:3900,&quot;speed&quot;:450,&quot;autoplay&quot;:&quot;yes&quot;,&quot;pause_on_hover&quot;:&quot;yes&quot;,&quot;pause_on_interaction&quot;:&quot;yes&quot;,&quot;infinite&quot;:&quot;yes&quot;,&quot;image_spacing_custom_tablet&quot;:{&quot;unit&quot;:&quot;px&quot;,&quot;size&quot;:&quot;&quot;,&quot;sizes&quot;:[]},&quot;image_spacing_custom_mobile&quot;:{&quot;unit&quot;:&quot;px&quot;,&quot;size&quot;:&quot;&quot;,&quot;sizes&quot;:[]}}\" data-widget_type=\"image-carousel.default\">\n\t\t\t\t<div class=\"elementor-widget-container\">\n\t\t\t\t\t\t\t<div class=\"elementor-image-carousel-wrapper swiper\" role=\"region\" aria-roledescription=\"carousel\" aria-label=\"Bild Karussell\" dir=\"ltr\">\n\t\t\t<div class=\"elementor-image-carousel swiper-wrapper\" aria-live=\"off\">\n\t\t\t\t\t\t\t\t<div class=\"swiper-slide\" role=\"group\" aria-roledescription=\"slide\" aria-label=\"1 von 4\"><figure class=\"swiper-slide-inner\"><img decoding=\"async\" class=\"swiper-slide-image\" src=\"https:\/\/objektifsahne.de\/wp-content\/uploads\/2022\/10\/erkek_akli_2023-169x300.jpg\" alt=\"04.02.23\" \/><figcaption class=\"elementor-image-carousel-caption\">04.02.23<\/figcaption><\/figure><\/div><div class=\"swiper-slide\" role=\"group\" aria-roledescription=\"slide\" aria-label=\"2 von 4\"><figure class=\"swiper-slide-inner\"><img decoding=\"async\" class=\"swiper-slide-image\" src=\"https:\/\/objektifsahne.de\/wp-content\/uploads\/2022\/11\/umut-oguz-267x300.jpg\" alt=\"06.11.22\" \/><figcaption class=\"elementor-image-carousel-caption\">06.11.22<\/figcaption><\/figure><\/div><div class=\"swiper-slide\" role=\"group\" aria-roledescription=\"slide\" aria-label=\"3 von 4\"><figure class=\"swiper-slide-inner\"><img decoding=\"async\" class=\"swiper-slide-image\" src=\"https:\/\/objektifsahne.de\/wp-content\/uploads\/2022\/11\/945703_10201242771018395_1312933402_n-212x300.jpg\" alt=\"*\" \/><\/figure><\/div><div class=\"swiper-slide\" role=\"group\" aria-roledescription=\"slide\" aria-label=\"4 von 4\"><figure class=\"swiper-slide-inner\"><img decoding=\"async\" class=\"swiper-slide-image\" src=\"https:\/\/objektifsahne.de\/wp-content\/uploads\/2022\/11\/10299945_10152439595173530_3682014859714683135_n-212x300.jpg\" alt=\"10299945_10152439595173530_3682014859714683135_n\" \/><\/figure><\/div>\t\t\t<\/div>\n\t\t\t\t\t\t\t\t\t\t\t\t<div class=\"elementor-swiper-button elementor-swiper-button-prev\" role=\"button\" tabindex=\"0\">\n\t\t\t\t\t\t<i aria-hidden=\"true\" class=\"fas fa-arrow-circle-left\"><\/i>\t\t\t\t\t<\/div>\n\t\t\t\t\t<div class=\"elementor-swiper-button elementor-swiper-button-next\" role=\"button\" tabindex=\"0\">\n\t\t\t\t\t\t<i aria-hidden=\"true\" class=\"fas fa-arrow-circle-right\"><\/i>\t\t\t\t\t<\/div>\n\t\t\t\t\n\t\t\t\t\t\t\t\t\t<\/div>\n\t\t\t\t\t\t<\/div>\n\t\t\t\t<\/div>\n\t\t\t\t<div class=\"elementor-element elementor-element-5338e8b elementor-widget-divider--view-line elementor-widget elementor-widget-divider\" data-id=\"5338e8b\" data-element_type=\"widget\" data-e-type=\"widget\" data-widget_type=\"divider.default\">\n\t\t\t\t<div class=\"elementor-widget-container\">\n\t\t\t\t\t\t\t<div class=\"elementor-divider\">\n\t\t\t<span class=\"elementor-divider-separator\">\n\t\t\t\t\t\t<\/span>\n\t\t<\/div>\n\t\t\t\t\t\t<\/div>\n\t\t\t\t<\/div>\n\t\t\t\t\t<\/div>\n\t\t<\/div>\n\t\t\t\t\t<\/div>\n\t\t<\/section>\n\t\t\t\t<section class=\"elementor-section elementor-top-section elementor-element elementor-element-7527cdc5 elementor-section-boxed elementor-section-height-default elementor-section-height-default\" data-id=\"7527cdc5\" data-element_type=\"section\" data-e-type=\"section\" data-settings=\"{&quot;background_background&quot;:&quot;classic&quot;}\">\n\t\t\t\t\t\t<div class=\"elementor-container elementor-column-gap-default\">\n\t\t\t\t\t<div class=\"elementor-column elementor-col-33 elementor-top-column elementor-element elementor-element-6e8cbb52\" data-id=\"6e8cbb52\" data-element_type=\"column\" data-e-type=\"column\">\n\t\t\t<div class=\"elementor-widget-wrap elementor-element-populated\">\n\t\t\t\t\t\t<div class=\"elementor-element elementor-element-3543eaa2 elementor-widget elementor-widget-heading\" data-id=\"3543eaa2\" data-element_type=\"widget\" data-e-type=\"widget\" data-widget_type=\"heading.default\">\n\t\t\t\t<div class=\"elementor-widget-container\">\n\t\t\t\t\t<h2 class=\"elementor-heading-title elementor-size-default\">ENTR\u0130KALI DOLAP KOMEDYASI <\/h2>\t\t\t\t<\/div>\n\t\t\t\t<\/div>\n\t\t\t\t<div class=\"elementor-element elementor-element-49b757be elementor-widget elementor-widget-text-editor\" data-id=\"49b757be\" data-element_type=\"widget\" data-e-type=\"widget\" data-widget_type=\"text-editor.default\">\n\t\t\t\t<div class=\"elementor-widget-container\">\n\t\t\t\t\t\t\t\t\t<p>\u0130nsano\u011flu hatalar\u0131n\u0131n \u00fcst\u00fcn\u00fc ne kadar \u00f6rtebilir?<br \/>&#8220;Melek gibi bir insan m\u0131s\u0131n\u0131z, yoksa daha \u00e7ok \u015eeytana m\u0131 uyuyorsunuz?<br \/>Hay\u0131r hay\u0131r, bu bir moda dergisi testi de\u011fil. oyunumuz bu soruyu k\u00fc\u00e7\u00fck bir kenar mahalle evinde soruyor seyircisine.<br \/>Peki bu soruyla \u00f6l\u00fc bir kad\u0131n\u0131n ne alakas\u0131 var?<br \/>M\u00fcbeccel mi, o da kim ya?<br \/>\u0130ki h\u0131rs\u0131z g\u00fcpeg\u00fcnd\u00fcz bu evde ne ar\u0131yor?<br \/>Eski koca m\u0131? Bir de eski koca m\u0131 var? hay allah, bir dolap d\u00f6n\u00fcyor ama&#8230;neyse, izleyince \u00e7\u0131kar kokusu.<br \/>T\u00fcm izleyicilerimizi bu kahkahas\u0131 bol, e\u011flenceli komediyi payla\u015fmaya davet ediyoruz.&#8221;<\/p>\t\t\t\t\t\t\t\t<\/div>\n\t\t\t\t<\/div>\n\t\t\t\t\t<\/div>\n\t\t<\/div>\n\t\t\t\t<div class=\"elementor-column elementor-col-33 elementor-top-column elementor-element elementor-element-4f500e3e\" data-id=\"4f500e3e\" data-element_type=\"column\" data-e-type=\"column\">\n\t\t\t<div class=\"elementor-widget-wrap elementor-element-populated\">\n\t\t\t\t\t\t<div class=\"elementor-element elementor-element-25eba84a elementor-widget elementor-widget-heading\" data-id=\"25eba84a\" data-element_type=\"widget\" data-e-type=\"widget\" data-widget_type=\"heading.default\">\n\t\t\t\t<div class=\"elementor-widget-container\">\n\t\t\t\t\t<h2 class=\"elementor-heading-title elementor-size-default\">HUYLU HUYUNDAN VAZGE\u00c7MEZ<\/h2>\t\t\t\t<\/div>\n\t\t\t\t<\/div>\n\t\t\t\t<div class=\"elementor-element elementor-element-514e2120 elementor-widget elementor-widget-text-editor\" data-id=\"514e2120\" data-element_type=\"widget\" data-e-type=\"widget\" data-widget_type=\"text-editor.default\">\n\t\t\t\t<div class=\"elementor-widget-container\">\n\t\t\t\t\t\t\t\t\t<p><strong>Oyuncular:<\/strong><br \/>Ertugrul Karakaya; Cihan Kente; Murat Ovant; Cansu Eser; K\u00fcrsat Sarikaya; Tugba \u00dclk\u00fc; Hazal Baskaya; Ilayda Sahin; Cemil Aydin; Bahri Akyol<br \/><strong>Y\u00f6netmen:<\/strong><br \/>Mehmet Ulay<br \/><strong>Y\u00f6netmen Yard.:<\/strong><br \/>Cansu Eser<br \/><strong>Y\u00f6netmen Ast.:<\/strong><br \/>Ilayda Sahin<br \/><strong>Dekor:<\/strong><br \/>Ahmet Kiral<br \/><strong style=\"font-size: 14px;\">I\u015f\u0131k:<br \/><\/strong>Orcun S\u00f6zer<br \/><strong>M\u00fczik:<\/strong><br \/>Orcun S\u00f6zer<br \/><strong>Sahne Teknik:<\/strong><br \/>Orhan Yigit<\/p>\t\t\t\t\t\t\t\t<\/div>\n\t\t\t\t<\/div>\n\t\t\t\t\t<\/div>\n\t\t<\/div>\n\t\t\t\t<div class=\"elementor-column elementor-col-33 elementor-top-column elementor-element elementor-element-f6ebaab\" data-id=\"f6ebaab\" data-element_type=\"column\" data-e-type=\"column\">\n\t\t\t<div class=\"elementor-widget-wrap elementor-element-populated\">\n\t\t\t\t\t\t<div class=\"elementor-element elementor-element-609a1112 elementor-widget elementor-widget-heading\" data-id=\"609a1112\" data-element_type=\"widget\" data-e-type=\"widget\" data-widget_type=\"heading.default\">\n\t\t\t\t<div class=\"elementor-widget-container\">\n\t\t\t\t\t<h2 class=\"elementor-heading-title elementor-size-default\">ASK OLSUN<\/h2>\t\t\t\t<\/div>\n\t\t\t\t<\/div>\n\t\t\t\t<div class=\"elementor-element elementor-element-5a69304e elementor-widget elementor-widget-text-editor\" data-id=\"5a69304e\" data-element_type=\"widget\" data-e-type=\"widget\" data-widget_type=\"text-editor.default\">\n\t\t\t\t<div class=\"elementor-widget-container\">\n\t\t\t\t\t\t\t\t\t<p>A\u015fks\u0131zl\u0131\u011fa mahkum b\u0131rak\u0131lmaya \u00e7al\u0131\u015f\u0131ld\u0131\u011f\u0131m\u0131z bu \u00e7a\u011f\u0131n insan ili\u015fkilerini g\u00fcn y\u00fcz\u00fcne \u00e7\u0131kar\u0131yor.<br \/>A\u015fk sadece kar\u015f\u0131 cinse duyulan his olmamakla beraber, insan; h\u0131rslar\u0131na, tutkular\u0131na ve zevklerine bile a\u015f\u0131k olabiliyor. Oyunun yaz\u0131lmas\u0131ndan ortalama 35 y\u0131l ge\u00e7mi\u015f olmas\u0131na ra\u011fmen, bug\u00fcn bile hala insanlar\u0131n a\u015fk tabanl\u0131 ili\u015fki anlay\u0131\u015f\u0131n\u0131n de\u011fi\u015fmedi\u011fine seyirci kal\u0131yoruz. Ustalar yapm\u0131\u015f, biz sadece hat\u0131rlatal\u0131m dedik.<\/p>\n<p><strong>Oyuncular:<\/strong><br \/>Ertugrul Karakaya<br \/>Murat Ovant<br \/>Cihan Kente<br \/>Sedat Deveci<br \/>Sema Ovant<br \/>Fulya Esen<br \/>Sibel Akkaya<br \/>Veli Sariisik<\/p>\n<p><strong>Y\u00f6neten:<\/strong><br \/>Cihan Kente<br \/><strong>Teknik:<\/strong><br \/>Ayseg\u00fcl Kesat<\/p>\t\t\t\t\t\t\t\t<\/div>\n\t\t\t\t<\/div>\n\t\t\t\t\t<\/div>\n\t\t<\/div>\n\t\t\t\t\t<\/div>\n\t\t<\/section>\n\t\t\t\t<section class=\"elementor-section elementor-top-section elementor-element elementor-element-4ebfcce elementor-section-boxed elementor-section-height-default elementor-section-height-default\" data-id=\"4ebfcce\" data-element_type=\"section\" data-e-type=\"section\" data-settings=\"{&quot;background_background&quot;:&quot;classic&quot;}\">\n\t\t\t\t\t\t\t<div class=\"elementor-background-overlay\"><\/div>\n\t\t\t\t\t\t\t<div class=\"elementor-container elementor-column-gap-default\">\n\t\t\t\t\t<div class=\"elementor-column elementor-col-100 elementor-top-column elementor-element elementor-element-2af2e870\" data-id=\"2af2e870\" data-element_type=\"column\" data-e-type=\"column\">\n\t\t\t<div class=\"elementor-widget-wrap elementor-element-populated\">\n\t\t\t\t\t\t<div class=\"elementor-element elementor-element-7ad1253b elementor-widget elementor-widget-heading\" data-id=\"7ad1253b\" data-element_type=\"widget\" data-e-type=\"widget\" data-widget_type=\"heading.default\">\n\t\t\t\t<div class=\"elementor-widget-container\">\n\t\t\t\t\t<h2 class=\"elementor-heading-title elementor-size-default\">Bize Ula\u015f\u0131n<\/h2>\t\t\t\t<\/div>\n\t\t\t\t<\/div>\n\t\t\t\t<div class=\"elementor-element elementor-element-f64b197 elementor-align-center elementor-icon-list--layout-traditional elementor-list-item-link-full_width elementor-widget elementor-widget-icon-list\" data-id=\"f64b197\" data-element_type=\"widget\" data-e-type=\"widget\" data-widget_type=\"icon-list.default\">\n\t\t\t\t<div class=\"elementor-widget-container\">\n\t\t\t\t\t\t\t<ul class=\"elementor-icon-list-items\">\n\t\t\t\t\t\t\t<li class=\"elementor-icon-list-item\">\n\t\t\t\t\t\t\t\t\t\t\t<a href=\"https:\/\/www.google.de\/maps\/place\/Objektif+Theaterhaus+e.V.\/@49.4592392,11.0972217,17z\/data=!3m1!4b1!4m5!3m4!1s0x479f5796aa4b6423:0xe22223a80814a36c!8m2!3d49.4592797!4d11.0993929\" target=\"_blank\">\n\n\t\t\t\t\t\t\t\t\t\t\t\t<span class=\"elementor-icon-list-icon\">\n\t\t\t\t\t\t\t<i aria-hidden=\"true\" class=\"fas fa-map-marked-alt\"><\/i>\t\t\t\t\t\t<\/span>\n\t\t\t\t\t\t\t\t\t\t<span class=\"elementor-icon-list-text\">Sulzbacher Str. 80, 90489 N\u00fcrnberg<\/span>\n\t\t\t\t\t\t\t\t\t\t\t<\/a>\n\t\t\t\t\t\t\t\t\t<\/li>\n\t\t\t\t\t\t\t\t<li class=\"elementor-icon-list-item\">\n\t\t\t\t\t\t\t\t\t\t\t<a href=\"tel:+4991192325760\">\n\n\t\t\t\t\t\t\t\t\t\t\t\t<span class=\"elementor-icon-list-icon\">\n\t\t\t\t\t\t\t<i aria-hidden=\"true\" class=\"fas fa-phone\"><\/i>\t\t\t\t\t\t<\/span>\n\t\t\t\t\t\t\t\t\t\t<span class=\"elementor-icon-list-text\">0911-92325760<\/span>\n\t\t\t\t\t\t\t\t\t\t\t<\/a>\n\t\t\t\t\t\t\t\t\t<\/li>\n\t\t\t\t\t\t\t\t<li class=\"elementor-icon-list-item\">\n\t\t\t\t\t\t\t\t\t\t\t<a href=\"tel:+4917637681123\">\n\n\t\t\t\t\t\t\t\t\t\t\t\t<span class=\"elementor-icon-list-icon\">\n\t\t\t\t\t\t\t<i aria-hidden=\"true\" class=\"fas fa-mobile-alt\"><\/i>\t\t\t\t\t\t<\/span>\n\t\t\t\t\t\t\t\t\t\t<span class=\"elementor-icon-list-text\">+4917637681123<\/span>\n\t\t\t\t\t\t\t\t\t\t\t<\/a>\n\t\t\t\t\t\t\t\t\t<\/li>\n\t\t\t\t\t\t\t\t<li class=\"elementor-icon-list-item\">\n\t\t\t\t\t\t\t\t\t\t\t<a href=\"mailto:info@objektifsahne.com\" target=\"_blank\">\n\n\t\t\t\t\t\t\t\t\t\t\t\t<span class=\"elementor-icon-list-icon\">\n\t\t\t\t\t\t\t<i aria-hidden=\"true\" class=\"fas fa-at\"><\/i>\t\t\t\t\t\t<\/span>\n\t\t\t\t\t\t\t\t\t\t<span class=\"elementor-icon-list-text\">info@objektifsahne.com<\/span>\n\t\t\t\t\t\t\t\t\t\t\t<\/a>\n\t\t\t\t\t\t\t\t\t<\/li>\n\t\t\t\t\t\t<\/ul>\n\t\t\t\t\t\t<\/div>\n\t\t\t\t<\/div>\n\t\t\t\t<div class=\"elementor-element elementor-element-e5d5769 elementor-widget elementor-widget-image\" data-id=\"e5d5769\" data-element_type=\"widget\" data-e-type=\"widget\" data-widget_type=\"image.default\">\n\t\t\t\t<div class=\"elementor-widget-container\">\n\t\t\t\t\t\t\t\t\t\t\t\t\t\t\t<img loading=\"lazy\" decoding=\"async\" width=\"266\" height=\"300\" src=\"https:\/\/objektifsahne.de\/wp-content\/uploads\/2023\/06\/WhatsApp-Image-2023-05-26-at-12.04.20-266x300.jpeg\" class=\"attachment-medium size-medium wp-image-1863\" alt=\"\" srcset=\"https:\/\/objektifsahne.de\/wp-content\/uploads\/2023\/06\/WhatsApp-Image-2023-05-26-at-12.04.20-266x300.jpeg 266w, https:\/\/objektifsahne.de\/wp-content\/uploads\/2023\/06\/WhatsApp-Image-2023-05-26-at-12.04.20-11x12.jpeg 11w, https:\/\/objektifsahne.de\/wp-content\/uploads\/2023\/06\/WhatsApp-Image-2023-05-26-at-12.04.20.jpeg 484w\" sizes=\"(max-width: 266px) 100vw, 266px\" \/>\t\t\t\t\t\t\t\t\t\t\t\t\t\t\t<\/div>\n\t\t\t\t<\/div>\n\t\t\t\t<div class=\"elementor-element elementor-element-5d493470 elementor-widget elementor-widget-spacer\" data-id=\"5d493470\" data-element_type=\"widget\" data-e-type=\"widget\" data-widget_type=\"spacer.default\">\n\t\t\t\t<div class=\"elementor-widget-container\">\n\t\t\t\t\t\t\t<div class=\"elementor-spacer\">\n\t\t\t<div class=\"elementor-spacer-inner\"><\/div>\n\t\t<\/div>\n\t\t\t\t\t\t<\/div>\n\t\t\t\t<\/div>\n\t\t\t\t\t<\/div>\n\t\t<\/div>\n\t\t\t\t\t<\/div>\n\t\t<\/section>\n\t\t\t\t<\/div>\n\t\t","protected":false},"excerpt":{"rendered":"<p>Rezervasyon: 0911-92325760 Bilet al yak\u0131nda T\u00fcrkiye Oyuncaklar\u0131 Sunay Ak\u0131n\u2018\u0131n Hazineleri Sergi 28.04.2023\u201328.04.2024 N\u00fcrnberg Oyuncak M\u00fczesi ilk kez e\u015fsiz T\u00fcrk oyuncak hazinelerini sergiliyor. Sergi, \u0130stanbul&#8217;un \u00fcnl\u00fc \u015fairi, yazar\u0131 ve oyuncusu Sunay Ak\u0131n taraf\u0131ndan ara\u015ft\u0131r\u0131l\u0131p toplanm\u0131\u015ft\u0131r. 1994 y\u0131l\u0131nda N\u00fcrnberg Oyuncak M\u00fczesi&#8217;ne yapt\u0131\u011f\u0131 ziyaret, geleneksel T\u00fcrk oyuncaklar\u0131n\u0131 toplamas\u0131 i\u00e7in ona ilham verir ve 2005 y\u0131l\u0131nda Belgin Ak\u0131n ile [&hellip;]<\/p>\n","protected":false},"author":1,"featured_media":0,"parent":0,"menu_order":0,"comment_status":"closed","ping_status":"closed","template":"","meta":{"ocean_post_layout":"full-screen","ocean_both_sidebars_style":"","ocean_both_sidebars_content_width":0,"ocean_both_sidebars_sidebars_width":0,"ocean_sidebar":"0","ocean_second_sidebar":"0","ocean_disable_margins":"enable","ocean_add_body_class":"","ocean_shortcode_before_top_bar":"","ocean_shortcode_after_top_bar":"","ocean_shortcode_before_header":"","ocean_shortcode_after_header":"","ocean_has_shortcode":"","ocean_shortcode_after_title":"","ocean_shortcode_before_footer_widgets":"","ocean_shortcode_after_footer_widgets":"","ocean_shortcode_before_footer_bottom":"","ocean_shortcode_after_footer_bottom":"","ocean_display_top_bar":"off","ocean_display_header":"default","ocean_header_style":"","ocean_center_header_left_menu":"0","ocean_custom_header_template":"0","ocean_custom_logo":0,"ocean_custom_retina_logo":0,"ocean_custom_logo_max_width":0,"ocean_custom_logo_tablet_max_width":0,"ocean_custom_logo_mobile_max_width":0,"ocean_custom_logo_max_height":0,"ocean_custom_logo_tablet_max_height":0,"ocean_custom_logo_mobile_max_height":0,"ocean_header_custom_menu":"0","ocean_menu_typo_font_family":"0","ocean_menu_typo_font_subset":"","ocean_menu_typo_font_size":0,"ocean_menu_typo_font_size_tablet":0,"ocean_menu_typo_font_size_mobile":0,"ocean_menu_typo_font_size_unit":"px","ocean_menu_typo_font_weight":"","ocean_menu_typo_font_weight_tablet":"","ocean_menu_typo_font_weight_mobile":"","ocean_menu_typo_transform":"","ocean_menu_typo_transform_tablet":"","ocean_menu_typo_transform_mobile":"","ocean_menu_typo_line_height":0,"ocean_menu_typo_line_height_tablet":0,"ocean_menu_typo_line_height_mobile":0,"ocean_menu_typo_line_height_unit":"","ocean_menu_typo_spacing":0,"ocean_menu_typo_spacing_tablet":0,"ocean_menu_typo_spacing_mobile":0,"ocean_menu_typo_spacing_unit":"","ocean_menu_link_color":"","ocean_menu_link_color_hover":"","ocean_menu_link_color_active":"","ocean_menu_link_background":"","ocean_menu_link_hover_background":"","ocean_menu_link_active_background":"","ocean_menu_social_links_bg":"","ocean_menu_social_hover_links_bg":"","ocean_menu_social_links_color":"","ocean_menu_social_hover_links_color":"","ocean_disable_title":"on","ocean_disable_heading":"default","ocean_post_title":"","ocean_post_subheading":"","ocean_post_title_style":"","ocean_post_title_background_color":"","ocean_post_title_background":0,"ocean_post_title_bg_image_position":"","ocean_post_title_bg_image_attachment":"","ocean_post_title_bg_image_repeat":"","ocean_post_title_bg_image_size":"","ocean_post_title_height":0,"ocean_post_title_bg_overlay":0.5,"ocean_post_title_bg_overlay_color":"","ocean_disable_breadcrumbs":"default","ocean_breadcrumbs_color":"","ocean_breadcrumbs_separator_color":"","ocean_breadcrumbs_links_color":"","ocean_breadcrumbs_links_hover_color":"","ocean_display_footer_widgets":"off","ocean_display_footer_bottom":"on","ocean_custom_footer_template":"0","footnotes":""},"class_list":["post-1897","page","type-page","status-publish","hentry","entry"],"yoast_head":"<!-- This site is optimized with the Yoast SEO plugin v27.5 - https:\/\/yoast.com\/product\/yoast-seo-wordpress\/ -->\n<title>Theaterfestival - Objektif Sahne<\/title>\n<meta name=\"robots\" content=\"index, follow, max-snippet:-1, max-image-preview:large, max-video-preview:-1\" \/>\n<link rel=\"canonical\" href=\"https:\/\/objektifsahne.de\/tr\/theaterfestival\/\" \/>\n<meta property=\"og:locale\" content=\"tr_TR\" \/>\n<meta property=\"og:type\" content=\"article\" \/>\n<meta property=\"og:title\" content=\"Theaterfestival - Objektif Sahne\" \/>\n<meta property=\"og:description\" content=\"Rezervasyon: 0911-92325760 Bilet al yak\u0131nda T\u00fcrkiye Oyuncaklar\u0131 Sunay Ak\u0131n\u2018\u0131n Hazineleri Sergi 28.04.2023\u201328.04.2024 N\u00fcrnberg Oyuncak M\u00fczesi ilk kez e\u015fsiz T\u00fcrk oyuncak hazinelerini sergiliyor. Sergi, \u0130stanbul&#8217;un \u00fcnl\u00fc \u015fairi, yazar\u0131 ve oyuncusu Sunay Ak\u0131n taraf\u0131ndan ara\u015ft\u0131r\u0131l\u0131p toplanm\u0131\u015ft\u0131r. 1994 y\u0131l\u0131nda N\u00fcrnberg Oyuncak M\u00fczesi&#8217;ne yapt\u0131\u011f\u0131 ziyaret, geleneksel T\u00fcrk oyuncaklar\u0131n\u0131 toplamas\u0131 i\u00e7in ona ilham verir ve 2005 y\u0131l\u0131nda Belgin Ak\u0131n ile [&hellip;]\" \/>\n<meta property=\"og:url\" content=\"https:\/\/objektifsahne.de\/tr\/theaterfestival\/\" \/>\n<meta property=\"og:site_name\" content=\"Objektif Sahne\" \/>\n<meta property=\"article:publisher\" content=\"https:\/\/www.facebook.com\/groups\/215796349823\" \/>\n<meta property=\"article:modified_time\" content=\"2025-04-10T11:07:47+00:00\" \/>\n<meta property=\"og:image\" content=\"http:\/\/objektifsahne.de\/wp-content\/uploads\/2022\/05\/logo-300x149.png\" \/>\n<meta name=\"twitter:card\" content=\"summary_large_image\" \/>\n<meta name=\"twitter:site\" content=\"@objektifsahne\" \/>\n<meta name=\"twitter:label1\" content=\"Tahmini okuma s\u00fcresi\" \/>\n\t<meta name=\"twitter:data1\" content=\"4 dakika\" \/>\n<script type=\"application\/ld+json\" class=\"yoast-schema-graph\">{\"@context\":\"https:\\\/\\\/schema.org\",\"@graph\":[{\"@type\":\"WebPage\",\"@id\":\"https:\\\/\\\/objektifsahne.de\\\/theaterfestival\\\/\",\"url\":\"https:\\\/\\\/objektifsahne.de\\\/theaterfestival\\\/\",\"name\":\"Theaterfestival - Objektif Sahne\",\"isPartOf\":{\"@id\":\"https:\\\/\\\/objektifsahne.de\\\/#website\"},\"primaryImageOfPage\":{\"@id\":\"https:\\\/\\\/objektifsahne.de\\\/theaterfestival\\\/#primaryimage\"},\"image\":{\"@id\":\"https:\\\/\\\/objektifsahne.de\\\/theaterfestival\\\/#primaryimage\"},\"thumbnailUrl\":\"http:\\\/\\\/objektifsahne.de\\\/wp-content\\\/uploads\\\/2022\\\/05\\\/logo-300x149.png\",\"datePublished\":\"2025-04-10T11:07:46+00:00\",\"dateModified\":\"2025-04-10T11:07:47+00:00\",\"breadcrumb\":{\"@id\":\"https:\\\/\\\/objektifsahne.de\\\/theaterfestival\\\/#breadcrumb\"},\"inLanguage\":\"tr\",\"potentialAction\":[{\"@type\":\"ReadAction\",\"target\":[\"https:\\\/\\\/objektifsahne.de\\\/theaterfestival\\\/\"]}]},{\"@type\":\"ImageObject\",\"inLanguage\":\"tr\",\"@id\":\"https:\\\/\\\/objektifsahne.de\\\/theaterfestival\\\/#primaryimage\",\"url\":\"http:\\\/\\\/objektifsahne.de\\\/wp-content\\\/uploads\\\/2022\\\/05\\\/logo-300x149.png\",\"contentUrl\":\"http:\\\/\\\/objektifsahne.de\\\/wp-content\\\/uploads\\\/2022\\\/05\\\/logo-300x149.png\"},{\"@type\":\"BreadcrumbList\",\"@id\":\"https:\\\/\\\/objektifsahne.de\\\/theaterfestival\\\/#breadcrumb\",\"itemListElement\":[{\"@type\":\"ListItem\",\"position\":1,\"name\":\"Startseite\",\"item\":\"https:\\\/\\\/objektifsahne.de\\\/\"},{\"@type\":\"ListItem\",\"position\":2,\"name\":\"Theaterfestival\"}]},{\"@type\":\"WebSite\",\"@id\":\"https:\\\/\\\/objektifsahne.de\\\/#website\",\"url\":\"https:\\\/\\\/objektifsahne.de\\\/\",\"name\":\"Objektif Sahne\",\"description\":\"\",\"publisher\":{\"@id\":\"https:\\\/\\\/objektifsahne.de\\\/#organization\"},\"potentialAction\":[{\"@type\":\"SearchAction\",\"target\":{\"@type\":\"EntryPoint\",\"urlTemplate\":\"https:\\\/\\\/objektifsahne.de\\\/?s={search_term_string}\"},\"query-input\":{\"@type\":\"PropertyValueSpecification\",\"valueRequired\":true,\"valueName\":\"search_term_string\"}}],\"inLanguage\":\"tr\"},{\"@type\":\"Organization\",\"@id\":\"https:\\\/\\\/objektifsahne.de\\\/#organization\",\"name\":\"Objektif Sahne\",\"url\":\"https:\\\/\\\/objektifsahne.de\\\/\",\"logo\":{\"@type\":\"ImageObject\",\"inLanguage\":\"tr\",\"@id\":\"https:\\\/\\\/objektifsahne.de\\\/#\\\/schema\\\/logo\\\/image\\\/\",\"url\":\"https:\\\/\\\/objektifsahne.de\\\/wp-content\\\/uploads\\\/2022\\\/05\\\/cropped-cropped-cropped-logo-e1653991206963.png\",\"contentUrl\":\"https:\\\/\\\/objektifsahne.de\\\/wp-content\\\/uploads\\\/2022\\\/05\\\/cropped-cropped-cropped-logo-e1653991206963.png\",\"width\":1800,\"height\":893,\"caption\":\"Objektif Sahne\"},\"image\":{\"@id\":\"https:\\\/\\\/objektifsahne.de\\\/#\\\/schema\\\/logo\\\/image\\\/\"},\"sameAs\":[\"https:\\\/\\\/www.facebook.com\\\/groups\\\/215796349823\",\"https:\\\/\\\/x.com\\\/objektifsahne\",\"https:\\\/\\\/www.instagram.com\\\/objektifsahneofficial\\\/\"]}]}<\/script>\n<!-- \/ Yoast SEO plugin. -->","yoast_head_json":{"title":"Theaterfestival - Objektif Sahne","robots":{"index":"index","follow":"follow","max-snippet":"max-snippet:-1","max-image-preview":"max-image-preview:large","max-video-preview":"max-video-preview:-1"},"canonical":"https:\/\/objektifsahne.de\/tr\/theaterfestival\/","og_locale":"tr_TR","og_type":"article","og_title":"Theaterfestival - Objektif Sahne","og_description":"Rezervasyon: 0911-92325760 Bilet al yak\u0131nda T\u00fcrkiye Oyuncaklar\u0131 Sunay Ak\u0131n\u2018\u0131n Hazineleri Sergi 28.04.2023\u201328.04.2024 N\u00fcrnberg Oyuncak M\u00fczesi ilk kez e\u015fsiz T\u00fcrk oyuncak hazinelerini sergiliyor. Sergi, \u0130stanbul&#8217;un \u00fcnl\u00fc \u015fairi, yazar\u0131 ve oyuncusu Sunay Ak\u0131n taraf\u0131ndan ara\u015ft\u0131r\u0131l\u0131p toplanm\u0131\u015ft\u0131r. 1994 y\u0131l\u0131nda N\u00fcrnberg Oyuncak M\u00fczesi&#8217;ne yapt\u0131\u011f\u0131 ziyaret, geleneksel T\u00fcrk oyuncaklar\u0131n\u0131 toplamas\u0131 i\u00e7in ona ilham verir ve 2005 y\u0131l\u0131nda Belgin Ak\u0131n ile [&hellip;]","og_url":"https:\/\/objektifsahne.de\/tr\/theaterfestival\/","og_site_name":"Objektif Sahne","article_publisher":"https:\/\/www.facebook.com\/groups\/215796349823","article_modified_time":"2025-04-10T11:07:47+00:00","og_image":[{"url":"http:\/\/objektifsahne.de\/wp-content\/uploads\/2022\/05\/logo-300x149.png","type":"","width":"","height":""}],"twitter_card":"summary_large_image","twitter_site":"@objektifsahne","twitter_misc":{"Tahmini okuma s\u00fcresi":"4 dakika"},"schema":{"@context":"https:\/\/schema.org","@graph":[{"@type":"WebPage","@id":"https:\/\/objektifsahne.de\/theaterfestival\/","url":"https:\/\/objektifsahne.de\/theaterfestival\/","name":"Theaterfestival - Objektif Sahne","isPartOf":{"@id":"https:\/\/objektifsahne.de\/#website"},"primaryImageOfPage":{"@id":"https:\/\/objektifsahne.de\/theaterfestival\/#primaryimage"},"image":{"@id":"https:\/\/objektifsahne.de\/theaterfestival\/#primaryimage"},"thumbnailUrl":"http:\/\/objektifsahne.de\/wp-content\/uploads\/2022\/05\/logo-300x149.png","datePublished":"2025-04-10T11:07:46+00:00","dateModified":"2025-04-10T11:07:47+00:00","breadcrumb":{"@id":"https:\/\/objektifsahne.de\/theaterfestival\/#breadcrumb"},"inLanguage":"tr","potentialAction":[{"@type":"ReadAction","target":["https:\/\/objektifsahne.de\/theaterfestival\/"]}]},{"@type":"ImageObject","inLanguage":"tr","@id":"https:\/\/objektifsahne.de\/theaterfestival\/#primaryimage","url":"http:\/\/objektifsahne.de\/wp-content\/uploads\/2022\/05\/logo-300x149.png","contentUrl":"http:\/\/objektifsahne.de\/wp-content\/uploads\/2022\/05\/logo-300x149.png"},{"@type":"BreadcrumbList","@id":"https:\/\/objektifsahne.de\/theaterfestival\/#breadcrumb","itemListElement":[{"@type":"ListItem","position":1,"name":"Startseite","item":"https:\/\/objektifsahne.de\/"},{"@type":"ListItem","position":2,"name":"Theaterfestival"}]},{"@type":"WebSite","@id":"https:\/\/objektifsahne.de\/#website","url":"https:\/\/objektifsahne.de\/","name":"Objektif Sahne","description":"","publisher":{"@id":"https:\/\/objektifsahne.de\/#organization"},"potentialAction":[{"@type":"SearchAction","target":{"@type":"EntryPoint","urlTemplate":"https:\/\/objektifsahne.de\/?s={search_term_string}"},"query-input":{"@type":"PropertyValueSpecification","valueRequired":true,"valueName":"search_term_string"}}],"inLanguage":"tr"},{"@type":"Organization","@id":"https:\/\/objektifsahne.de\/#organization","name":"Objektif Sahne","url":"https:\/\/objektifsahne.de\/","logo":{"@type":"ImageObject","inLanguage":"tr","@id":"https:\/\/objektifsahne.de\/#\/schema\/logo\/image\/","url":"https:\/\/objektifsahne.de\/wp-content\/uploads\/2022\/05\/cropped-cropped-cropped-logo-e1653991206963.png","contentUrl":"https:\/\/objektifsahne.de\/wp-content\/uploads\/2022\/05\/cropped-cropped-cropped-logo-e1653991206963.png","width":1800,"height":893,"caption":"Objektif Sahne"},"image":{"@id":"https:\/\/objektifsahne.de\/#\/schema\/logo\/image\/"},"sameAs":["https:\/\/www.facebook.com\/groups\/215796349823","https:\/\/x.com\/objektifsahne","https:\/\/www.instagram.com\/objektifsahneofficial\/"]}]}},"_links":{"self":[{"href":"https:\/\/objektifsahne.de\/tr\/wp-json\/wp\/v2\/pages\/1897","targetHints":{"allow":["GET"]}}],"collection":[{"href":"https:\/\/objektifsahne.de\/tr\/wp-json\/wp\/v2\/pages"}],"about":[{"href":"https:\/\/objektifsahne.de\/tr\/wp-json\/wp\/v2\/types\/page"}],"author":[{"embeddable":true,"href":"https:\/\/objektifsahne.de\/tr\/wp-json\/wp\/v2\/users\/1"}],"replies":[{"embeddable":true,"href":"https:\/\/objektifsahne.de\/tr\/wp-json\/wp\/v2\/comments?post=1897"}],"version-history":[{"count":0,"href":"https:\/\/objektifsahne.de\/tr\/wp-json\/wp\/v2\/pages\/1897\/revisions"}],"wp:attachment":[{"href":"https:\/\/objektifsahne.de\/tr\/wp-json\/wp\/v2\/media?parent=1897"}],"curies":[{"name":"wp","href":"https:\/\/api.w.org\/{rel}","templated":true}]}}